{"id":393,"date":"2023-11-07T18:10:18","date_gmt":"2023-11-07T17:10:18","guid":{"rendered":"https:\/\/abf-avocats.fr\/?page_id=393"},"modified":"2023-11-29T19:27:38","modified_gmt":"2023-11-29T18:27:38","slug":"donnees-personnelles","status":"publish","type":"page","link":"https:\/\/abf-avocats.fr\/index.php\/donnees-personnelles\/","title":{"rendered":"Donn\u00e9es personnelles"},"content":{"rendered":"\n<h2 class=\"wp-block-heading\">EXERCER VOS DROITS<\/h2>\n\n\n\n<p>ABF Avenir des Barreaux de France, s&rsquo;engage \u00e0 ce que la collecte et le traitement de vos donn\u00e9es,&nbsp;effectu\u00e9s \u00e0 partir du site , soient conformes au R\u00e8glement G\u00e9n\u00e9ral sur la Protection des Donn\u00e9es (R.G.P.D.) et \u00e0 la loi Informatique et Libert\u00e9s.<\/p>\n\n\n\n<p>Chaque formulaire&nbsp; limite la collecte des donn\u00e9es personnelles au strict n\u00e9cessaire (minimisation des donn\u00e9es) et indique notamment :<\/p>\n\n\n\n<ul class=\"wp-block-list\">\n<li>quels sont les objectifs du recueil de ces donn\u00e9es (finalit\u00e9s) ;<\/li>\n\n\n\n<li>si ces donn\u00e9es sont obligatoires ou facultatives pour la gestion de votre demande ;<\/li>\n\n\n\n<li>qui pourra en prendre connaissance<\/li>\n<\/ul>\n\n\n\n<p>Les donn\u00e9es personnelles recueillies dans le cadre des services propos\u00e9s sont trait\u00e9es selon des&nbsp;protocoles s\u00e9curis\u00e9s&nbsp;et permettent \u00e0 ABF Avenir des Barreaux de France de g\u00e9rer les demandes re\u00e7ues dans ses applications informatiques.<\/p>\n\n\n\n<p>Pour toute information ou exercice de vos droits Informatique et Libert\u00e9s sur les traitements de donn\u00e9es personnelles g\u00e9r\u00e9s par ABF Avenir des Barreaux de France, vous pouvez contacter son Responsable du traitement des donn\u00e9es :<\/p>\n\n\n\n<ul class=\"wp-block-list\">\n<li>par e-mail en pr\u00e9cisant bien l&rsquo;objet de la demande et en joignant copie d&rsquo;une pi\u00e8ce d&rsquo;identit\u00e9 ) \u00e0 l\u2019adresse suivante :\n<ul class=\"wp-block-list\">\n<li><a href=\"mailto:contact@abf-avocats.fr\">contact@abf-avocats.fr<\/a>&nbsp;<\/li>\n<\/ul>\n<\/li>\n\n\n\n<li>ou par courrier sign\u00e9 accompagn\u00e9 de la copie d\u2019un titre d\u2019identit\u00e9 \u00e0 l&rsquo;adresse suivante :\n<ul class=\"wp-block-list\">\n<li>ABF Avenir des Barreaux de France<br>\u00e0 l&rsquo;attention du Responsable du traitement des donn\u00e9es<br>11 boulevard de S\u00e9bastopol, 75001, PARIS<\/li>\n<\/ul>\n<\/li>\n<\/ul>\n\n\n\n<h2 class=\"wp-block-heading\">LES COOKIES<\/h2>\n\n\n\n<p>Nous utilisons diff\u00e9rents cookies sur le site pour am\u00e9liorer l\u2019interactivit\u00e9 du site et&nbsp; nos services.<\/p>\n\n\n\n<p><strong>D\u00e9finition d\u2019un \u00ab&nbsp;cookie&nbsp;\u00bb ?<\/strong><\/p>\n\n\n\n<p>Un \u00ab\u00a0<em>cookie<\/em>\u00a0\u00bb est une suite d&rsquo;informations, g\u00e9n\u00e9ralement de petite taille et identifi\u00e9 par un nom, qui peut \u00eatre transmis \u00e0 votre navigateur par un site web sur lequel vous vous connectez. Votre navigateur web le conservera pendant une certaine dur\u00e9e, et le renverra au serveur web chaque fois que vous vous y re-connecterez. Les&nbsp;<em>cookies<\/em>&nbsp;ont de multiples usages : ils peuvent servir \u00e0 m\u00e9moriser votre identifiant client aupr\u00e8s d&rsquo;un site marchand, le contenu courant de votre panier d&rsquo;achat, un identifiant permettant de tracer votre navigation pour des finalit\u00e9s statistiques ou publicitaires,&nbsp;<em>etc<\/em>.<a href=\"https:\/\/www.cnil.fr\/fr\/cookies-les-outils-pour-les-maitriser\">&nbsp;<\/a><\/p>\n\n\n\n<p>Lors de votre premi\u00e8re visite sur&nbsp;<a href=\"https:\/\/abf-avocats.fr\/\">https:\/\/abf-avocats.fr\/<\/a>, un bandeau vous informe de la pr\u00e9sence de ces cookies et vous invite \u00e0 indiquer votre choix. Ils ne sont d\u00e9pos\u00e9s que si vous les acceptez ou que vous poursuivez votre navigation sur le site en visitant une seconde page de&nbsp;<a href=\"https:\/\/abf-avocats.fr\/\">https:\/\/abf-avocats.fr\/<\/a>.<br>Vous pouvez \u00e0 tout moment vous informer et param\u00e9trer vos cookies pour les accepter ou les refuser. Vous pourrez indiquer votre pr\u00e9f\u00e9rence soit globalement pour le site, soit par page.<\/p>\n\n\n\n<p>Ces cookies sont g\u00e9n\u00e9r\u00e9s automatiquement par la plateforme d\u2019exploitation, ABF n\u2019a aucune action dans leur g\u00e9n\u00e9ration.<br>Vous avez toutefois la possibilit\u00e9 selon les plateformes utilis\u00e9es de vous y opposer, de les supprimer en utilisant les param\u00e8tres de votre navigateur ou m\u00eame de les bloquer.<\/p>\n\n\n\n<p>Pour en savoir plus sur les cookies et leur fonctionnement :&nbsp;<\/p>\n\n\n\n<figure class=\"wp-block-embed\"><div class=\"wp-block-embed__wrapper\">\nhttps:\/\/www.cnil.fr\/fr\/cookies-et-autres-traceurs\/comment-se-proteger\/maitriser-votre-navigateur\n<\/div><\/figure>\n","protected":false},"excerpt":{"rendered":"<p>EXERCER VOS DROITS ABF Avenir des Barreaux de France, s&rsquo;engage \u00e0 ce que la collecte et le traitement de vos donn\u00e9es,&nbsp;effectu\u00e9s \u00e0 partir du site , soient conformes au R\u00e8glement G\u00e9n\u00e9ral sur la Protection des<a class=\"moretag\" href=\"https:\/\/abf-avocats.fr\/index.php\/donnees-personnelles\/\"> Read more&hellip;<\/a><\/p>\n","protected":false},"author":3,"featured_media":0,"parent":0,"menu_order":0,"comment_status":"closed","ping_status":"closed","template":"","meta":{"_monsterinsights_skip_tracking":false,"_monsterinsights_sitenote_active":false,"_monsterinsights_sitenote_note":"","_monsterinsights_sitenote_category":0,"footnotes":""},"class_list":["post-393","page","type-page","status-publish","hentry"],"_links":{"self":[{"href":"https:\/\/abf-avocats.fr\/index.php\/wp-json\/wp\/v2\/pages\/393","targetHints":{"allow":["GET"]}}],"collection":[{"href":"https:\/\/abf-avocats.fr\/index.php\/wp-json\/wp\/v2\/pages"}],"about":[{"href":"https:\/\/abf-avocats.fr\/index.php\/wp-json\/wp\/v2\/types\/page"}],"author":[{"embeddable":true,"href":"https:\/\/abf-avocats.fr\/index.php\/wp-json\/wp\/v2\/users\/3"}],"replies":[{"embeddable":true,"href":"https:\/\/abf-avocats.fr\/index.php\/wp-json\/wp\/v2\/comments?post=393"}],"version-history":[{"count":2,"href":"https:\/\/abf-avocats.fr\/index.php\/wp-json\/wp\/v2\/pages\/393\/revisions"}],"predecessor-version":[{"id":406,"href":"https:\/\/abf-avocats.fr\/index.php\/wp-json\/wp\/v2\/pages\/393\/revisions\/406"}],"wp:attachment":[{"href":"https:\/\/abf-avocats.fr\/index.php\/wp-json\/wp\/v2\/media?parent=393"}],"curies":[{"name":"wp","href":"https:\/\/api.w.org\/{rel}","templated":true}]}}